{"id":1018,"date":"2026-04-27T09:22:43","date_gmt":"2026-04-27T08:22:43","guid":{"rendered":"https:\/\/weframeproject.eu\/?post_type=resource&#038;p=1018"},"modified":"2026-04-27T09:28:57","modified_gmt":"2026-04-27T08:28:57","slug":"the-body-politic-how-brands-engineer-the-normal-body-a-conversation-with-luca-marchetti","status":"publish","type":"resource","link":"https:\/\/weframeproject.eu\/it\/resource\/the-body-politic-how-brands-engineer-the-normal-body-a-conversation-with-luca-marchetti\/","title":{"rendered":"Il corpo politico: come i marchi modellano il corpo \u201cnormale\u201d | Una conversazione con Luca Marchetti"},"content":{"rendered":"<p>In un mondo in cui sono i marchi e le norme sociali a dettare ci\u00f2 che \u00e8 considerato \u00abnormale\u00bb, potremo mai raggiungere l\u2019autonomia sul proprio corpo? Sebbene siano i quadri giuridici a stabilire le regole, le immagini che consumiamo quotidianamente esercitano spesso un controllo ben pi\u00f9 potente sui nostri desideri e sulla percezione che abbiamo di noi stessi.<\/p>\n\n\n\n<p>In questa intervista parliamo con Luca Marchetti, studioso e docente senior alla Sorbona Nuova, del rapporto conflittuale tra moda, identit\u00e0 e potere.&nbsp;<\/p>\n\n\n\n<p>Ha inoltre partecipato in qualit\u00e0 di relatore al terzo laboratorio We-frame, dal titolo \u00abUguaglianza e corpo\u00bb.<\/p>\n\n\n\n<p><strong>Vorrei chiedere in che modo gli attuali contesti sociali e giuridici definiscono ci\u00f2 che viene considerato un corpo \u201cnormale\u201d.<\/strong><\/p>\n\n\n\n<p>Mi \u00e8 difficile rispondere a questa domanda perch\u00e9 le mie competenze si limitano al campo della cultura popolare e dell'immaginario dei marchi. Gli aspetti giuridici e sociali sono meno direttamente collegati al mondo dei marchi, anche se forse l'aspetto sociale lo \u00e8 pi\u00f9 di quello giuridico.<\/p>\n\n\n\n<p>L'aspetto sociale di ci\u00f2 che \u00e8 legittimo, accettabile e auspicabile in materia di \u00abcorporeit\u00e0\u00bb e aspetti fisici \u2013 che essenzialmente si riferiscono alle morfologie e all'estetica del corpo \u2013 \u00e8 fortemente influenzato dalle immagini veicolate dai marchi.&nbsp;<\/p>\n\n\n\n<p>Rappresentano ideali desiderabili semplicemente perch\u00e9 la loro attivit\u00e0 principale si basa sul nostro desiderio di apparire come la versione migliore di noi stessi. Quella \u00abversione migliore\u00bb \u00e8 a sua volta plasmata da ci\u00f2 che pensiamo gli altri possano trovare desiderabile o interessante in noi. I marchi sfruttano in modo massiccio questi aspetti della comunicazione e dell\u2019immaginario collettivo sociale: per essere desiderabili quanto il prodotto stesso.<\/p>\n\n\n\n<p><strong>In che modo le norme sociali limitano il senso di autonomia fisica di un individuo?<\/strong><\/p>\n\n\n\n<p>Norme sociali? Questo mi fa venire in mente un'osservazione di Judith Butler, una filosofa contemporanea specializzata in questioni di genere e identit\u00e0. Lei sottolinea che il nostro cervello ha bisogno di semplificazione; cerca sistematicamente degli stereotipi per sintetizzare le informazioni che riceve e costruirsi una visione del mondo pi\u00f9 gestibile.<\/p>\n\n\n\n<p>Le norme sociali sono fortemente influenzate da questa tendenza umana alla semplificazione. Da un punto di vista sociale, ricorrere agli stereotipi \u00e8 un modo per semplificare una realt\u00e0 troppo complessa. \u00c8 pi\u00f9 facile gestire una popolazione basandosi sugli stereotipi piuttosto che sulle persone reali e sulla realt\u00e0 concreta.<\/p>\n\n\n\n<p>L'aspetto pi\u00f9 critico \u00e8 che promuovere uno stereotipo permette di controllare la popolazione. Si riesce cos\u00ec a orientare desideri, aspirazioni e comportamenti verso profili facilmente identificabili che si allineano alla propria ideologia, indipendentemente dal fatto che con \u00absi\u00bb si intenda uno Stato, una forma di potere o un'istituzione.<\/p>\n\n\n\n<p><strong>In che modo possiamo collegare tutto questo al concetto di uguaglianza? Come possiamo definire l'uguaglianza sulla base dell'autonomia sul proprio corpo?<\/strong><\/p>\n\n\n\n<p>Vorrei citare il filosofo italiano Emanuele Coccia. Egli sottolinea che l'unica cosa che possiamo davvero fare \u00e8 rendere visibili le differenze. L'uguaglianza \u00e8 una categoria molto utopica. \u00c8 un concetto che possiamo utilizzare per cercare di cogliere la migliore forma sociale possibile, ma non saremo mai in grado di realizzare un'uguaglianza assoluta.<\/p>\n\n\n\n<p>Possiamo solo diventare sempre pi\u00f9 consapevoli delle differenze e cercare di rendere la convivenza tra queste differenze il pi\u00f9 armoniosa possibile. L'uguaglianza rimane un concetto astratto. \u00c8 come un artista che aspira alla perfezione: non la raggiungerai mai, ma avvicinandoti ad essa diventi pi\u00f9 consapevole delle tue capacit\u00e0 e di ci\u00f2 che desideri.<\/p>\n\n\n\n<p>Sebbene nell'immaginario della moda esista una sessualizzazione del corpo maschile, il vero problema dell'immaginario maschile \u00e8 il dominio. Il corpo maschile viene rappresentato come dominante, anche al di fuori del contesto sessuale, con spalle larghe, forme squadrate e inquadrature dall'alto verso il basso. Ci\u00f2 trasmette l'idea che il valore principale associato alla mascolinit\u00e0 sia il potere di dominare e controllare. Ecco perch\u00e9 gli uomini \u00abpossiedono\u00bb il proprio corpo: controllano il contesto, a partire da se stessi.<\/p>\n\n\n\n<p><strong>Pensi che per raggiungere quella \u201cperfezione\u201d dell'uguaglianza dovremmo agire a livello di base o cercare di cambiare le regole?<\/strong><\/p>\n\n\n\n<p>Considerare la questione in termini di \u201co l'uno o l'altro\u201d significa adottare un punto di vista decisamente occidentale. Si pu\u00f2 immaginare un'istituzione che imponga una forma di uguaglianza, oppure si pu\u00f2 lavorare a livello di base affinch\u00e9 i fenomeni salgano dal basso verso l'istituzione. Tuttavia, senza una dinamica dialogica, non credo che sia possibile nulla.<\/p>\n\n\n\n<p>Ecco perch\u00e9 mi concentro sulla cultura popolare. Fa parte del lato \u201cnon ufficiale\u201d della cultura, ma proprio perch\u00e9 non \u00e8 ufficiale ha il potere di affrontare questioni ufficiali, come il possesso del proprio corpo, lo sfruttamento del proprio corpo, o se la femminilit\u00e0 possa essere autonoma e potente senza commercializzare il corpo. Farlo attraverso una canzone o un videoclip stimola la sensibilit\u00e0. \u00c8 la prima forma di dialogo in grado di mettere in luce aspetti ufficiali della vita.<\/p>\n\n\n\n<p>Non credo che l'uguaglianza possa derivare esclusivamente dall'istituzione o esclusivamente dalla base. Mi interessa anche l'imprevedibile, come la perdita di potere subita da Orb\u00e1n questa settimana, che \u00e8 stata del tutto inaspettata. Ma se dovessi tradurre tutto questo in un programma, punterei su forme dialogiche di trasformazione.&nbsp;<\/p>\n\n\n\n<p>Non credo in una logica evolutiva basata sul conflitto, in cui una parte della popolazione conquista il potere perch\u00e9 \u00e8 stata oppressa. Spesso questa situazione dura solo qualche decennio, prima che un altro gruppo voglia riprendere il potere. Non cambia la consapevolezza n\u00e9 la coscienza delle persone; \u00e8 solo una questione di chi \u00e8 il pi\u00f9 forte. Non \u00e8 una politica sostenibile nel lungo periodo.<\/p>","protected":false},"featured_media":1019,"template":"","meta":{"_acf_changed":false},"resource-category":[13],"resource-tag":[],"class_list":["post-1018","resource","type-resource","status-publish","has-post-thumbnail","hentry","resource-category-created"],"acf":[],"yoast_head":"<!-- This site is optimized with the Yoast SEO plugin v27.4 - https:\/\/yoast.com\/product\/yoast-seo-wordpress\/ -->\n<title>The body politic: how brands engineer the &quot;normal&quot; body | A conversation with Luca Marchetti - WeFrame<\/title>\n<meta name=\"robots\" content=\"index, follow, max-snippet:-1, max-image-preview:large, max-video-preview:-1\" \/>\n<link rel=\"canonical\" href=\"https:\/\/weframeproject.eu\/it\/resource\/the-body-politic-how-brands-engineer-the-normal-body-a-conversation-with-luca-marchetti\/\" \/>\n<meta property=\"og:locale\" content=\"it_IT\" \/>\n<meta property=\"og:type\" content=\"article\" \/>\n<meta property=\"og:title\" content=\"The body politic: how brands engineer the &quot;normal&quot; body | A conversation with Luca Marchetti - WeFrame\" \/>\n<meta property=\"og:description\" content=\"In a world where brands and social norms dictate what is considered &#8220;normal,&#8221; can we ever achieve bodily autonomy? While legal frameworks set the rules, the images we consume daily often exert a far more powerful control over our desires and self-perception. In this interview, we speak with Luca Marchetti, a scholar, and senior lecturer [&hellip;]\" \/>\n<meta property=\"og:url\" content=\"https:\/\/weframeproject.eu\/it\/resource\/the-body-politic-how-brands-engineer-the-normal-body-a-conversation-with-luca-marchetti\/\" \/>\n<meta property=\"og:site_name\" content=\"WeFrame\" \/>\n<meta property=\"article:modified_time\" content=\"2026-04-27T08:28:57+00:00\" \/>\n<meta property=\"og:image\" content=\"https:\/\/weframeproject.eu\/wp-content\/uploads\/2026\/04\/WhatsApp-Image-2026-04-27-at-10.20.33.jpeg\" \/>\n\t<meta property=\"og:image:width\" content=\"1512\" \/>\n\t<meta property=\"og:image:height\" content=\"1125\" \/>\n\t<meta property=\"og:image:type\" content=\"image\/jpeg\" \/>\n<meta name=\"twitter:card\" content=\"summary_large_image\" \/>\n<meta name=\"twitter:label1\" content=\"Tempo di lettura stimato\" \/>\n\t<meta name=\"twitter:data1\" content=\"1 minuto\" \/>\n<script type=\"application\/ld+json\" class=\"yoast-schema-graph\">{\"@context\":\"https:\\\/\\\/schema.org\",\"@graph\":[{\"@type\":\"WebPage\",\"@id\":\"https:\\\/\\\/weframeproject.eu\\\/resource\\\/the-body-politic-how-brands-engineer-the-normal-body-a-conversation-with-luca-marchetti\\\/\",\"url\":\"https:\\\/\\\/weframeproject.eu\\\/resource\\\/the-body-politic-how-brands-engineer-the-normal-body-a-conversation-with-luca-marchetti\\\/\",\"name\":\"The body politic: how brands engineer the \\\"normal\\\" body | A conversation with Luca Marchetti - WeFrame\",\"isPartOf\":{\"@id\":\"https:\\\/\\\/weframeproject.eu\\\/#website\"},\"primaryImageOfPage\":{\"@id\":\"https:\\\/\\\/weframeproject.eu\\\/resource\\\/the-body-politic-how-brands-engineer-the-normal-body-a-conversation-with-luca-marchetti\\\/#primaryimage\"},\"image\":{\"@id\":\"https:\\\/\\\/weframeproject.eu\\\/resource\\\/the-body-politic-how-brands-engineer-the-normal-body-a-conversation-with-luca-marchetti\\\/#primaryimage\"},\"thumbnailUrl\":\"https:\\\/\\\/weframeproject.eu\\\/wp-content\\\/uploads\\\/2026\\\/04\\\/WhatsApp-Image-2026-04-27-at-10.20.33.jpeg\",\"datePublished\":\"2026-04-27T08:22:43+00:00\",\"dateModified\":\"2026-04-27T08:28:57+00:00\",\"breadcrumb\":{\"@id\":\"https:\\\/\\\/weframeproject.eu\\\/resource\\\/the-body-politic-how-brands-engineer-the-normal-body-a-conversation-with-luca-marchetti\\\/#breadcrumb\"},\"inLanguage\":\"it-IT\",\"potentialAction\":[{\"@type\":\"ReadAction\",\"target\":[\"https:\\\/\\\/weframeproject.eu\\\/resource\\\/the-body-politic-how-brands-engineer-the-normal-body-a-conversation-with-luca-marchetti\\\/\"]}]},{\"@type\":\"ImageObject\",\"inLanguage\":\"it-IT\",\"@id\":\"https:\\\/\\\/weframeproject.eu\\\/resource\\\/the-body-politic-how-brands-engineer-the-normal-body-a-conversation-with-luca-marchetti\\\/#primaryimage\",\"url\":\"https:\\\/\\\/weframeproject.eu\\\/wp-content\\\/uploads\\\/2026\\\/04\\\/WhatsApp-Image-2026-04-27-at-10.20.33.jpeg\",\"contentUrl\":\"https:\\\/\\\/weframeproject.eu\\\/wp-content\\\/uploads\\\/2026\\\/04\\\/WhatsApp-Image-2026-04-27-at-10.20.33.jpeg\",\"width\":1512,\"height\":1125},{\"@type\":\"BreadcrumbList\",\"@id\":\"https:\\\/\\\/weframeproject.eu\\\/resource\\\/the-body-politic-how-brands-engineer-the-normal-body-a-conversation-with-luca-marchetti\\\/#breadcrumb\",\"itemListElement\":[{\"@type\":\"ListItem\",\"position\":1,\"name\":\"Home\",\"item\":\"https:\\\/\\\/weframeproject.eu\\\/\"},{\"@type\":\"ListItem\",\"position\":2,\"name\":\"The body politic: how brands engineer the &#8220;normal&#8221; body | A conversation with Luca Marchetti\"}]},{\"@type\":\"WebSite\",\"@id\":\"https:\\\/\\\/weframeproject.eu\\\/#website\",\"url\":\"https:\\\/\\\/weframeproject.eu\\\/\",\"name\":\"WeFrame\",\"description\":\"\",\"potentialAction\":[{\"@type\":\"SearchAction\",\"target\":{\"@type\":\"EntryPoint\",\"urlTemplate\":\"https:\\\/\\\/weframeproject.eu\\\/?s={search_term_string}\"},\"query-input\":{\"@type\":\"PropertyValueSpecification\",\"valueRequired\":true,\"valueName\":\"search_term_string\"}}],\"inLanguage\":\"it-IT\"}]}<\/script>\n<!-- \/ Yoast SEO plugin. -->","yoast_head_json":{"title":"The body politic: how brands engineer the \"normal\" body | A conversation with Luca Marchetti - WeFrame","robots":{"index":"index","follow":"follow","max-snippet":"max-snippet:-1","max-image-preview":"max-image-preview:large","max-video-preview":"max-video-preview:-1"},"canonical":"https:\/\/weframeproject.eu\/it\/resource\/the-body-politic-how-brands-engineer-the-normal-body-a-conversation-with-luca-marchetti\/","og_locale":"it_IT","og_type":"article","og_title":"The body politic: how brands engineer the \"normal\" body | A conversation with Luca Marchetti - WeFrame","og_description":"In a world where brands and social norms dictate what is considered &#8220;normal,&#8221; can we ever achieve bodily autonomy? While legal frameworks set the rules, the images we consume daily often exert a far more powerful control over our desires and self-perception. In this interview, we speak with Luca Marchetti, a scholar, and senior lecturer [&hellip;]","og_url":"https:\/\/weframeproject.eu\/it\/resource\/the-body-politic-how-brands-engineer-the-normal-body-a-conversation-with-luca-marchetti\/","og_site_name":"WeFrame","article_modified_time":"2026-04-27T08:28:57+00:00","og_image":[{"width":1512,"height":1125,"url":"https:\/\/weframeproject.eu\/wp-content\/uploads\/2026\/04\/WhatsApp-Image-2026-04-27-at-10.20.33.jpeg","type":"image\/jpeg"}],"twitter_card":"summary_large_image","twitter_misc":{"Tempo di lettura stimato":"1 minuto"},"schema":{"@context":"https:\/\/schema.org","@graph":[{"@type":"WebPage","@id":"https:\/\/weframeproject.eu\/resource\/the-body-politic-how-brands-engineer-the-normal-body-a-conversation-with-luca-marchetti\/","url":"https:\/\/weframeproject.eu\/resource\/the-body-politic-how-brands-engineer-the-normal-body-a-conversation-with-luca-marchetti\/","name":"The body politic: how brands engineer the \"normal\" body | A conversation with Luca Marchetti - WeFrame","isPartOf":{"@id":"https:\/\/weframeproject.eu\/#website"},"primaryImageOfPage":{"@id":"https:\/\/weframeproject.eu\/resource\/the-body-politic-how-brands-engineer-the-normal-body-a-conversation-with-luca-marchetti\/#primaryimage"},"image":{"@id":"https:\/\/weframeproject.eu\/resource\/the-body-politic-how-brands-engineer-the-normal-body-a-conversation-with-luca-marchetti\/#primaryimage"},"thumbnailUrl":"https:\/\/weframeproject.eu\/wp-content\/uploads\/2026\/04\/WhatsApp-Image-2026-04-27-at-10.20.33.jpeg","datePublished":"2026-04-27T08:22:43+00:00","dateModified":"2026-04-27T08:28:57+00:00","breadcrumb":{"@id":"https:\/\/weframeproject.eu\/resource\/the-body-politic-how-brands-engineer-the-normal-body-a-conversation-with-luca-marchetti\/#breadcrumb"},"inLanguage":"it-IT","potentialAction":[{"@type":"ReadAction","target":["https:\/\/weframeproject.eu\/resource\/the-body-politic-how-brands-engineer-the-normal-body-a-conversation-with-luca-marchetti\/"]}]},{"@type":"ImageObject","inLanguage":"it-IT","@id":"https:\/\/weframeproject.eu\/resource\/the-body-politic-how-brands-engineer-the-normal-body-a-conversation-with-luca-marchetti\/#primaryimage","url":"https:\/\/weframeproject.eu\/wp-content\/uploads\/2026\/04\/WhatsApp-Image-2026-04-27-at-10.20.33.jpeg","contentUrl":"https:\/\/weframeproject.eu\/wp-content\/uploads\/2026\/04\/WhatsApp-Image-2026-04-27-at-10.20.33.jpeg","width":1512,"height":1125},{"@type":"BreadcrumbList","@id":"https:\/\/weframeproject.eu\/resource\/the-body-politic-how-brands-engineer-the-normal-body-a-conversation-with-luca-marchetti\/#breadcrumb","itemListElement":[{"@type":"ListItem","position":1,"name":"Home","item":"https:\/\/weframeproject.eu\/"},{"@type":"ListItem","position":2,"name":"The body politic: how brands engineer the &#8220;normal&#8221; body | A conversation with Luca Marchetti"}]},{"@type":"WebSite","@id":"https:\/\/weframeproject.eu\/#website","url":"https:\/\/weframeproject.eu\/","name":"WeFrame","description":"","potentialAction":[{"@type":"SearchAction","target":{"@type":"EntryPoint","urlTemplate":"https:\/\/weframeproject.eu\/?s={search_term_string}"},"query-input":{"@type":"PropertyValueSpecification","valueRequired":true,"valueName":"search_term_string"}}],"inLanguage":"it-IT"}]}},"_links":{"self":[{"href":"https:\/\/weframeproject.eu\/it\/wp-json\/wp\/v2\/resource\/1018","targetHints":{"allow":["GET"]}}],"collection":[{"href":"https:\/\/weframeproject.eu\/it\/wp-json\/wp\/v2\/resource"}],"about":[{"href":"https:\/\/weframeproject.eu\/it\/wp-json\/wp\/v2\/types\/resource"}],"wp:featuredmedia":[{"embeddable":true,"href":"https:\/\/weframeproject.eu\/it\/wp-json\/wp\/v2\/media\/1019"}],"wp:attachment":[{"href":"https:\/\/weframeproject.eu\/it\/wp-json\/wp\/v2\/media?parent=1018"}],"wp:term":[{"taxonomy":"resource-category","embeddable":true,"href":"https:\/\/weframeproject.eu\/it\/wp-json\/wp\/v2\/resource-category?post=1018"},{"taxonomy":"resource-tag","embeddable":true,"href":"https:\/\/weframeproject.eu\/it\/wp-json\/wp\/v2\/resource-tag?post=1018"}],"curies":[{"name":"wp","href":"https:\/\/api.w.org\/{rel}","templated":true}]}}